{"id":277,"date":"2021-11-22T15:59:15","date_gmt":"2021-11-22T14:59:15","guid":{"rendered":"https:\/\/icgkarlsruhe.de\/?page_id=277"},"modified":"2026-04-05T13:46:14","modified_gmt":"2026-04-05T11:46:14","slug":"wer-wir-sind","status":"publish","type":"page","link":"https:\/\/icgkarlsruhe.de\/pt\/wer-wir-sind\/","title":{"rendered":"Quem somos"},"content":{"rendered":"<div class=\"wp-block-group alignfull has-base-2-background-color has-background has-global-padding is-layout-constrained wp-container-core-group-is-layout-8a2b1b76 wp-block-group-is-layout-constrained\" style=\"padding-top:var(--wp--preset--spacing--50);padding-right:var(--wp--preset--spacing--50);padding-bottom:var(--wp--preset--spacing--50);padding-left:var(--wp--preset--spacing--50)\">\n<div class=\"wp-block-group has-global-padding is-layout-constrained wp-container-core-group-is-layout-2bf980eb wp-block-group-is-layout-constrained\">\n<h1 class=\"wp-block-heading has-text-align-center has-x-large-font-size\">Igreja Crist\u00e3 Internacional<\/h1>\n\n\n\n<div style=\"height:1.25rem\" aria-hidden=\"true\" class=\"wp-block-spacer\"><\/div>\n\n\n\n<p class=\"has-text-align-center wp-block-paragraph\">A ICG Karlsruhe e.V. \u00e9 uma igreja evang\u00e9lica internacional e existe como uma organiza\u00e7\u00e3o sem fins lucrativos reconhecida desde 2012.<\/p>\n<\/div>\n\n\n\n<p class=\"has-text-align-center wp-block-paragraph\">Realizamos nossos cultos em dois idiomas: portugu\u00eas e alem\u00e3o.<br>deutsch und portugiesisch.<\/p>\n\n\n\n<div class=\"wp-block-group has-global-padding is-layout-constrained wp-container-core-group-is-layout-2bf980eb wp-block-group-is-layout-constrained\">\n<div style=\"height:1.25rem\" aria-hidden=\"true\" class=\"wp-block-spacer\"><\/div>\n<\/div>\n<\/div>\n\n\n\n<div class=\"wp-block-group alignfull has-base-background-color has-background is-layout-flow wp-block-group-is-layout-flow\" style=\"margin-top:0;margin-bottom:0;padding-top:6vw;padding-right:6vw;padding-bottom:6vw;padding-left:6vw\">\n<div class=\"wp-block-group is-vertical is-nowrap is-layout-flex wp-container-core-group-is-layout-90655181 wp-block-group-is-layout-flex\" style=\"padding-right:0;padding-left:0\">\n<h6 id=\"ecosystem\" class=\"wp-block-heading has-text-color\" style=\"color:#000000;font-size:clamp(14px, 0.875rem + ((1vw - 3.2px) * 0.208), 16px);\">ICG<\/h6>\n\n\n\n<h2 class=\"wp-block-heading has-text-color\" style=\"color:#000000\">Igreja sem paredes<\/h2>\n<\/div>\n\n\n\n<div class=\"wp-block-group alignwide is-vertical is-nowrap is-layout-flex wp-container-core-group-is-layout-9577cae7 wp-block-group-is-layout-flex\" style=\"padding-top:0;padding-right:0;padding-bottom:0;padding-left:0\">\n<div class=\"wp-block-columns alignwide is-layout-flex wp-container-core-columns-is-layout-8bbdf430 wp-block-columns-is-layout-flex\">\n<div class=\"wp-block-column is-layout-flow wp-block-column-is-layout-flow\" style=\"flex-basis:33.38%\">\n<p class=\"has-text-color wp-block-paragraph\" style=\"color:#000000\">Independente do local onde ela se reune, cremos que toda igreja local deve cumprir o seu chamado, de forma viva e ativa, de fazer disc\u00edpulos de Jesus (<a href=\"https:\/\/icgkarlsruhe.de\/pt\/mission\/\">mais sobre a nossa miss\u00e3o<\/a>).<\/p>\n<\/div>\n\n\n\n<div class=\"wp-block-column is-layout-flow wp-block-column-is-layout-flow\" style=\"flex-basis:33%\">\n<div style=\"height:2vw\" aria-hidden=\"true\" class=\"wp-block-spacer\"><\/div>\n\n\n\n<figure class=\"wp-block-image size-large is-resized is-style-rounded is-style-rounded--1\"><img loading=\"lazy\" decoding=\"async\" width=\"1024\" height=\"768\" src=\"https:\/\/icgkarlsruhe.de\/wp-content\/uploads\/2023\/06\/ek-edited-1024x768.jpeg\" alt=\"\" class=\"wp-image-863\" style=\"width:313px;height:auto\" srcset=\"https:\/\/icgkarlsruhe.de\/wp-content\/uploads\/2023\/06\/ek-edited-1024x768.jpeg 1024w, https:\/\/icgkarlsruhe.de\/wp-content\/uploads\/2023\/06\/ek-edited-300x225.jpeg 300w, https:\/\/icgkarlsruhe.de\/wp-content\/uploads\/2023\/06\/ek-edited-16x12.jpeg 16w, https:\/\/icgkarlsruhe.de\/wp-content\/uploads\/2023\/06\/ek-edited.jpeg 1536w\" sizes=\"auto, (max-width: 1024px) 100vw, 1024px\" \/><\/figure>\n<\/div>\n\n\n\n<div class=\"wp-block-column is-layout-flow wp-block-column-is-layout-flow\" style=\"flex-basis:33.62%\">\n<figure class=\"wp-block-image size-full is-resized is-style-rounded is-style-rounded--2\"><img loading=\"lazy\" decoding=\"async\" width=\"806\" height=\"605\" src=\"https:\/\/icgkarlsruhe.de\/wp-content\/uploads\/2023\/06\/park-1-edited.jpg\" alt=\"\" class=\"wp-image-864\" style=\"width:313px;height:auto\" srcset=\"https:\/\/icgkarlsruhe.de\/wp-content\/uploads\/2023\/06\/park-1-edited.jpg 806w, https:\/\/icgkarlsruhe.de\/wp-content\/uploads\/2023\/06\/park-1-edited-300x225.jpg 300w, https:\/\/icgkarlsruhe.de\/wp-content\/uploads\/2023\/06\/park-1-edited-16x12.jpg 16w\" sizes=\"auto, (max-width: 806px) 100vw, 806px\" \/><\/figure>\n<\/div>\n<\/div>\n\n\n\n<div class=\"wp-block-columns alignwide is-layout-flex wp-container-core-columns-is-layout-dcc3becf wp-block-columns-is-layout-flex\">\n<div class=\"wp-block-column is-layout-flow wp-block-column-is-layout-flow\" style=\"flex-basis:69%\">\n<figure class=\"wp-block-image size-full is-resized is-style-rounded is-style-rounded--3\"><img loading=\"lazy\" decoding=\"async\" width=\"749\" height=\"562\" src=\"https:\/\/icgkarlsruhe.de\/wp-content\/uploads\/2023\/06\/livingroom-edited.jpg\" alt=\"\" class=\"wp-image-865\" style=\"width:313px\" srcset=\"https:\/\/icgkarlsruhe.de\/wp-content\/uploads\/2023\/06\/livingroom-edited.jpg 749w, https:\/\/icgkarlsruhe.de\/wp-content\/uploads\/2023\/06\/livingroom-edited-300x225.jpg 300w, https:\/\/icgkarlsruhe.de\/wp-content\/uploads\/2023\/06\/livingroom-edited-16x12.jpg 16w\" sizes=\"auto, (max-width: 749px) 100vw, 749px\" \/><\/figure>\n<\/div>\n\n\n\n<div class=\"wp-block-column is-vertically-aligned-center is-layout-flow wp-container-core-column-is-layout-c6aab7f7 wp-block-column-is-layout-flow\" style=\"flex-basis:33%\">\n<div style=\"height:2vw\" aria-hidden=\"true\" class=\"wp-block-spacer\"><\/div>\n\n\n\n<p class=\"has-text-color wp-block-paragraph\" style=\"color:#000000\">N\u00f3s temos cultos presenciais todos os domingos \u00e0s 17 horas na Hermann-Billing-Str. 11, 76137 Karlsruhe. Tamb\u00e9m oferecemos a transmiss\u00e3o online. Voc\u00ea gostaria de participar do culto presencial ou online?<\/p>\n\n\n\n<div class=\"wp-block-buttons is-layout-flex wp-block-buttons-is-layout-flex\" style=\"margin-top:var(--wp--preset--spacing--10);margin-bottom:var(--wp--preset--spacing--10)\">\n<div class=\"wp-block-button\"><a class=\"wp-block-button__link wp-element-button\" href=\"https:\/\/icgkarlsruhe.de\/pt\/kontakt\/\">Nos envie uma mensagem<\/a><\/div>\n<\/div>\n<\/div>\n<\/div>\n<\/div>\n<\/div>\n\n\n\n<div class=\"wp-block-group alignfull has-accent-5-background-color has-background has-global-padding is-layout-constrained wp-container-core-group-is-layout-73128380 wp-block-group-is-layout-constrained\" style=\"margin-top:0;margin-bottom:0;padding-top:var(--wp--preset--spacing--50);padding-right:var(--wp--preset--spacing--50);padding-bottom:var(--wp--preset--spacing--50);padding-left:var(--wp--preset--spacing--50)\">\n<div class=\"wp-block-group is-vertical is-content-justification-center is-layout-flex wp-container-core-group-is-layout-bc18b00a wp-block-group-is-layout-flex\">\n<h2 class=\"wp-block-heading has-text-align-center has-x-large-font-size\">Conhe\u00e7a nossa fam\u00edlia pastoral<\/h2>\n\n\n\n<p class=\"has-text-align-center wp-block-paragraph\">O pastor Bruno e Noemi s\u00e3o casados h\u00e1 14 anos e tem dois filhos. Ambos estudaram no&nbsp;<a href=\"https:\/\/www.bfp-ausbildung.de\">Semin\u00e1rio Teol\u00f3gico Erzhausen<\/a>&nbsp;(Ber\u00f6a), centro de treinamento para pastores e mission\u00e1rios da Conven\u00e7\u00e3o Pentecostal livre (<a href=\"https:\/\/www.bfp.de\/de\/\">BFP<\/a>) na Alemanha. Eles pastoreiam a ICG desde 2016.<\/p>\n<\/div>\n\n\n\n<div style=\"height:19px\" aria-hidden=\"true\" class=\"wp-block-spacer\"><\/div>\n\n\n\n<div class=\"wp-block-columns alignwide is-layout-flex wp-container-core-columns-is-layout-313efa99 wp-block-columns-is-layout-flex\" style=\"padding-right:0;padding-left:0\">\n<div class=\"wp-block-column is-vertically-aligned-center is-layout-flow wp-block-column-is-layout-flow\">\n<figure class=\"wp-block-image aligncenter size-full is-resized is-style-rounded is-style-rounded--4\"><img loading=\"lazy\" decoding=\"async\" width=\"654\" height=\"1162\" src=\"https:\/\/icgkarlsruhe.de\/wp-content\/uploads\/2024\/09\/8906d143-4970-44dd-9cff-f60106dfe119-edited-5.jpg\" alt=\"\" class=\"wp-image-1028\" style=\"aspect-ratio:0.5625;object-fit:cover;width:201px;height:auto\" srcset=\"https:\/\/icgkarlsruhe.de\/wp-content\/uploads\/2024\/09\/8906d143-4970-44dd-9cff-f60106dfe119-edited-5.jpg 654w, https:\/\/icgkarlsruhe.de\/wp-content\/uploads\/2024\/09\/8906d143-4970-44dd-9cff-f60106dfe119-edited-5-169x300.jpg 169w, https:\/\/icgkarlsruhe.de\/wp-content\/uploads\/2024\/09\/8906d143-4970-44dd-9cff-f60106dfe119-edited-5-576x1024.jpg 576w, https:\/\/icgkarlsruhe.de\/wp-content\/uploads\/2024\/09\/8906d143-4970-44dd-9cff-f60106dfe119-edited-5-7x12.jpg 7w\" sizes=\"auto, (max-width: 654px) 100vw, 654px\" \/><\/figure>\n<\/div>\n<\/div>\n<\/div>\n\n\n\n<div class=\"wp-block-group alignfull has-base-2-background-color has-background has-global-padding is-layout-constrained wp-container-core-group-is-layout-73128380 wp-block-group-is-layout-constrained\" style=\"margin-top:0;margin-bottom:0;padding-top:var(--wp--preset--spacing--50);padding-right:var(--wp--preset--spacing--50);padding-bottom:var(--wp--preset--spacing--50);padding-left:var(--wp--preset--spacing--50)\">\n<div class=\"wp-block-group is-vertical is-content-justification-center is-layout-flex wp-container-core-group-is-layout-0009407c wp-block-group-is-layout-flex\">\n<h2 class=\"wp-block-heading has-text-align-center is-style-default has-x-large-font-size\">Voc\u00ea gostaria de apoiar a ICG?<\/h2>\n\n\n\n<div style=\"height:0px\" aria-hidden=\"true\" class=\"wp-block-spacer wp-container-content-4f2ccadb\"><\/div>\n<\/div>\n\n\n\n<div style=\"margin-top:0;margin-bottom:0;height:24px\" aria-hidden=\"true\" class=\"wp-block-spacer\"><\/div>\n\n\n\n<div class=\"wp-block-columns alignwide is-layout-flex wp-container-core-columns-is-layout-d525a65d wp-block-columns-is-layout-flex\">\n<div class=\"wp-block-column is-layout-flow wp-container-core-column-is-layout-da384c3e wp-block-column-is-layout-flow\">\n<h3 class=\"wp-block-heading has-text-align-left is-style-default has-body-font-family has-medium-font-size\" style=\"font-style:normal;font-weight:600\">Orar por n\u00f3s<\/h3>\n\n\n\n<p class=\"has-text-align-left wp-block-paragraph\">Sua ora\u00e7\u00e3o \u00e9 muito importante pra n\u00f3s. Ore pelo minist\u00e9rio, igreja, fam\u00edlias, na\u00e7\u00e3o...<\/p>\n<\/div>\n\n\n\n<div class=\"wp-block-column is-layout-flow wp-container-core-column-is-layout-da384c3e wp-block-column-is-layout-flow\">\n<h3 class=\"wp-block-heading has-text-align-left is-style-default has-body-font-family has-medium-font-size\" style=\"font-style:normal;font-weight:600\">Doar financeiramente<\/h3>\n\n\n\n<p class=\"has-text-align-left wp-block-paragraph\">F\u00fcr: ICG Karlsruhe e.V.<br>IBAN: DE62 6605 0101 0108 1622 98<br>BIC: KARSDE66XXX<br>Bank: Sparkasse Karlsruhe<br><a href=\"https:\/\/icgkarlsruhe.de\/pt\/spenden\/\" data-type=\"page\" data-id=\"300\">Aqui voc\u00ea fica sabendo mais em como contribuir financeiramente<\/a>.<\/p>\n<\/div>\n\n\n\n<div class=\"wp-block-column is-layout-flow wp-container-core-column-is-layout-da384c3e wp-block-column-is-layout-flow\">\n<h3 class=\"wp-block-heading has-text-align-left is-style-default has-body-font-family has-medium-font-size\" style=\"font-style:normal;font-weight:600\">Vir para a Alemanha<\/h3>\n\n\n\n<p class=\"has-text-align-left wp-block-paragraph\">Voc\u00ea tem um chamado mission\u00e1rio para a Alemanha? Entre em&nbsp;<a href=\"https:\/\/icgkarlsruhe.de\/pt\/kontakt\/\">Contato<\/a>.<\/p>\n<\/div>\n<\/div>\n<\/div>\n\n\n\n<div class=\"wp-block-group alignfull has-accent-5-background-color has-background has-global-padding is-layout-constrained wp-container-core-group-is-layout-36f65c2d wp-block-group-is-layout-constrained\" style=\"margin-top:0;margin-bottom:0;padding-top:var(--wp--preset--spacing--50);padding-right:var(--wp--preset--spacing--50);padding-bottom:var(--wp--preset--spacing--50);padding-left:var(--wp--preset--spacing--50)\">\n<div class=\"wp-block-group alignwide has-global-padding is-layout-constrained wp-container-core-group-is-layout-90edb088 wp-block-group-is-layout-constrained\">\n<div class=\"wp-block-group is-vertical is-content-justification-center is-layout-flex wp-container-core-group-is-layout-5ef3efcf wp-block-group-is-layout-flex\">\n<h2 class=\"wp-block-heading has-text-align-center is-style-default\">Conven\u00e7\u00e3o<\/h2>\n\n\n\n<p class=\"has-text-align-center wp-block-paragraph\">A ICG Karlsruhe faz parte juntamente com mais 1000 igrejas na Alemanha da Conven\u00e7\u00e3o de Igrejas Livres Pentecostais a qual tamb\u00e9m, como outras igrejas, \u00e9 organizada com direito de \u00f3rg\u00e3o p\u00fablico. A ICG tamb\u00e9m \u00e9 membro do F\u00f3rum das Igrejas Livres Evang\u00e9licas de Karlsruhe (FEFK).<\/p>\n<\/div>\n<\/div>\n<\/div>","protected":false},"excerpt":{"rendered":"<p>Internationale Christliche Gemeinde Die ICG Karlsruhe e.V. ist eine internationale evangelische Freikirche und existiert seit 2012 als anerkannte gemeinn\u00fctzige Organisation. Wir gestallten unsere Gottesdienste in zwei Sprachen:deutsch und portugiesisch. ICG Kirche ohne W\u00e4nde Unabh\u00e4ngig von dem Ort wo sie sich versammelt, glauben wir dass jede lokale Gemeinde dazu berufen ist, ihren Auftrag lebendig und aktiv [&hellip;]<\/p>\n","protected":false},"author":1,"featured_media":0,"parent":0,"menu_order":0,"comment_status":"closed","ping_status":"closed","template":"","meta":{"_crdt_document":"","footnotes":""},"class_list":["post-277","page","type-page","status-publish","hentry"],"_links":{"self":[{"href":"https:\/\/icgkarlsruhe.de\/pt\/wp-json\/wp\/v2\/pages\/277","targetHints":{"allow":["GET"]}}],"collection":[{"href":"https:\/\/icgkarlsruhe.de\/pt\/wp-json\/wp\/v2\/pages"}],"about":[{"href":"https:\/\/icgkarlsruhe.de\/pt\/wp-json\/wp\/v2\/types\/page"}],"author":[{"embeddable":true,"href":"https:\/\/icgkarlsruhe.de\/pt\/wp-json\/wp\/v2\/users\/1"}],"replies":[{"embeddable":true,"href":"https:\/\/icgkarlsruhe.de\/pt\/wp-json\/wp\/v2\/comments?post=277"}],"version-history":[{"count":10,"href":"https:\/\/icgkarlsruhe.de\/pt\/wp-json\/wp\/v2\/pages\/277\/revisions"}],"predecessor-version":[{"id":1146,"href":"https:\/\/icgkarlsruhe.de\/pt\/wp-json\/wp\/v2\/pages\/277\/revisions\/1146"}],"wp:attachment":[{"href":"https:\/\/icgkarlsruhe.de\/pt\/wp-json\/wp\/v2\/media?parent=277"}],"curies":[{"name":"wp","href":"https:\/\/api.w.org\/{rel}","templated":true}]}}