{"id":346,"date":"2021-11-26T23:07:36","date_gmt":"2021-11-26T22:07:36","guid":{"rendered":"https:\/\/icgkarlsruhe.de\/?page_id=346"},"modified":"2024-11-11T22:34:42","modified_gmt":"2024-11-11T21:34:42","slug":"was-wir-glauben","status":"publish","type":"page","link":"https:\/\/icgkarlsruhe.de\/pt\/was-wir-glauben\/","title":{"rendered":"No que cremos"},"content":{"rendered":"<h2 class=\"wp-block-heading\" id=\"die-bibel-ist-das-wort-gottes\">A B\u00edblia \u00e9 a Palavra de Deus.<\/h2>\n\n\n\n<p class=\"wp-block-paragraph\">N\u00f3s cremos que a B\u00edblia \u00e9 a Palavra de Deus. Ela \u00e9 a \u00fanica inspirada e verdadeira autoridade sobre as verdades da f\u00e9. Ela revela a vontade de Deus para nossas vidas e \u00e9 o alicerce para tudo aquilo que cremos. <strong>2 Tim\u00f3teo 3:16; 2 Pedro 1:20-21; Salmo 119:105; Isa\u00edas 55:11<\/strong><\/p>\n\n\n\n<h2 class=\"wp-block-heading\" id=\"gott-ist-der-schopfer-und-herrscher-des-universums\">Deus \u00e9 o criador e rei do universo.<\/h2>\n\n\n\n<p class=\"wp-block-paragraph\">Cremos no Deus \u00fanico e eterno. Ele \u00e9 soberano, Rei de todo o universo e nada est\u00e1 acima dele.\nSua exist\u00eancia consiste em tr\u00eas pessoas: Deus Pai, Deus Filho e Deus Esp\u00edrito Santo. Ele \u00e9 o pr\u00f3prio amor e completamente santo. <strong>G\u00eanesis 1:1; 1:26; 3:22; Salmo 90:2; Mateus 28:19; 2 Cor\u00edntios 13:14<\/strong><\/p>\n\n\n\n<h2 class=\"wp-block-heading\" id=\"jesus-ist-der-sohn-gottes\">Jesus \u00e9 o Filho de Deus.<\/h2>\n\n\n\n<p class=\"wp-block-paragraph\">Jesus foi concebido atrav\u00e9s do Esp\u00edrito Santo e nasceu da virgem. Ele \u00e9 o \u00fanico que viveu sem pecados na Terra.\nEle morreu na cruz voluntariamente em nosso lugar, para perd\u00e3o dos nossos pecados.\nEle ressuscitou dos mortos no terceiro dia para declarar a sua vit\u00f3ria e nos dar vida.\nEle est\u00e1 assentado \u00e0 direita de Deus, Pai todo poderoso e \u00e9 o \u00fanico mediador entre Deus e n\u00f3s.\nEle \u00e9 nosso Redentor e o \u00fanico que pode nos reconciliar com Deus. <strong>Jo\u00e3o 1:1-5; 14:6; Atos 4:11-12; Mateus 1:22-23; Isaias 9:6; Hebreus 4:14-15; 1 Cor\u00edntios 15:3-4; Romanos 1:3-4; Atos 1:9-11; Colossenses 2:9-10; 1 Tim\u00f3teo 6:14-15<\/strong><\/p>\n\n\n\n<h2 class=\"wp-block-heading\" id=\"der-heilige-geist\">O Esp\u00edrito Santo.<\/h2>\n\n\n\n<p class=\"wp-block-paragraph\">Todo crist\u00e3o deve ser cheio do poder do Esp\u00edrito Santo para viver a vida santa e frut\u00edfera que Deus nos deu. O Esp\u00edrito de Deus nos inspira e nos guia a viver como um membro do Corpo de Cristo. Ele nos capacita a usar nossos dons. Vemos algumas vezes na B\u00edblia que o sobrenatural acontece nessas ocasi\u00f5es, assim como o falar em l\u00ednguas como um dos sinais de estar cheio do Esp\u00edrito Santo. Como seguidores de Jesus, dependemos todos os dias da dire\u00e7\u00e3o do Esp\u00edrito Santo. <strong>Atos 1:8; Atos 2:1-10;19; 1 Tess. 5:19; Ef\u00e9sios 5:18; Romanos 12:11<\/strong><\/p>\n\n\n\n<h2 class=\"wp-block-heading\" id=\"die-sunde-hat-uns-alle-von-gott-und-seiner-bestimmung-fur-unser-leben-getrennt\">O pecado nos separou de Deus e de Seu prop\u00f3sito para nossas vidas.<\/h2>\n\n\n\n<p class=\"wp-block-paragraph\">Deus criou o homem \u00e0 Sua imagem, de acordo com Seu car\u00e1ter. Embora todos desejem o bem, todos n\u00f3s somos afetados por uma atitude de desobedi\u00eancia a Deus chamada \u201epecado\". Por causa do pecado, somos incapazes de seguir as instru\u00e7\u00f5es de Deus\npelo nosso pr\u00f3prio esfor\u00e7o. A B\u00edblia nos diz que nos afastamos pelo pecado e at\u00e9 nos tornamos inimigos de Deus. <strong>G\u00eanesis 1:27; Isa\u00edas 53:6; Romanos 3:23; Isa\u00edas 59:1-2; Salmo 139:13-16; Colossenses 2:13-15<\/strong><\/p>\n\n\n\n<h2 class=\"wp-block-heading\" id=\"errettung-ist-gottes-geschenk-an-uns-aber-wir-mussen-es-annehmen\">A salva\u00e7\u00e3o \u00e9 um presente de Deus para n\u00f3s, mas devemos aceit\u00e1-la.<\/h2>\n\n\n\n<p class=\"wp-block-paragraph\">A salva\u00e7\u00e3o \u00e9 recebida somente pela gra\u00e7a de Deus e n\u00e3o pelo esfor\u00e7o do homem. N\u00f3s apenas a recebemos pessoalmente atrav\u00e9s\ndo verdadeiro arrependimento e da f\u00e9 de que Jesus deu sua vida na cruz, para que todos os que cr\u00eaem nele, em Suas palavras e em Seu sacrif\u00edcio, tenham a vida eterna com Deus. Cremos no retorno de Jesus Cristo para o arrebatamento de sua igreja, ressurrei\u00e7\u00e3o dos mortos, estabelecimento de seu Reino, vida eterna e julgamento final. <strong>Mateus 16:25; 25:31-34; 25:41; Jo\u00e3o 3:16; 14:6; 14:17; Romanos 6:23; 5:1, 5:8; 10:9-10; Ef\u00e9sios 2:8-9; Filipenses 2:5-11; Apocalipse 20:15; 2 Tim\u00f3teo 4:7-8; 2 Pedro 2:9; Apocalipse 20:12-15<\/strong><\/p>\n\n\n\n<h2 class=\"wp-block-heading\" id=\"die-taufe-ist-ein-symbol-fur-tod-begrabnis-und-auferstehung-jesu\">O batismo \u00e9 um s\u00edmbolo da morte, do sepultamento e da ressurrei\u00e7\u00e3o de Jesus.<\/h2>\n\n\n\n<p class=\"wp-block-paragraph\" id=\"sobald-wir-jesus-als-unseren-herrn-und-erloser-anerkannt-haben-ist-die-glaubenstaufe-der-nachste-schritt-fur-uns-unser-neues-leben-in-christus-offentlich-zu-verkunden-es-ist-auch-ein-schritt-der-gehorsamkeit-der-auf-dem-gebot-jesu-basiert-und-uns-erlaubt-seinem-beispiel-zu-folgen-er-selbst-hat-sich-der-taufe-unterworfen-um-alle-gerechtigkeit-zu-erfullen-matthaus-3-16-17-28-18-20-apg-2-41-8-12-romer-6-4-kolosser-2-12\">Uma vez que aceitamos Jesus como nosso Senhor e Salvador, o batismo \u00e9 o pr\u00f3ximo passo para proclamarmos publicamente nossa nova vida em Cristo. \u00c9 tamb\u00e9m um passo de obedi\u00eancia baseado no mandamento de Jesus que nos permite seguir Seu exemplo. Ele pr\u00f3prio se submeteu ao batismo para \"cumprir toda a justi\u00e7a\u201c. <strong>Mateus 3:16-17; 28:18-20; Atos 2:41; 8:12; Romanos 6:4; Colossenses 2:12<\/strong><\/p>\n\n\n\n<h2 class=\"wp-block-heading\" id=\"die-ortsgemeinde-ist-ein-sichtbares-zeichen-des-reich-gottes-und-leib-christ\">A igreja local \u00e9 um sinal vis\u00edvel do Reino de Deus e do Corpo de Cristo.<\/h2>\n\n\n\n<p class=\"wp-block-paragraph\" id=\"wir-glauben-dass-die-gemeinde-die-von-gott-herausgerufene-gemeinschaft-der-von-sunde-erlosten-ist-durch-die-er-der-welt-sein-heil-verkunden-lasst-sie-ist-als-der-leib-jesu-ausserdem-der-ort-des-gegenseitigen-dienstes-zu-dem-gott-alle-glieder-beruft-und-befahigt-durch-die-taufe-durch-untertauchen-aufgrund-des-personlichen-bekenntnisses-der-vergebung-der-sunden-und-des-glaubens-an-jesus-christus-werden-die-glaubigen-der-lokalen-gemeinde-hinzugetan-im-abendmahl-verkundigt-sie-den-tod-des-herrn-und-die-gemeinsame-teilhabe-an-jesus-christus-als-dem-haupt-der-gemeinde-seinem-leib-in-erwartung-seiner-wiederkunft-wir-bekennen-uns-zur-gemeinde-der-glaubigen-nach-urchristlichem-vorbild-in-der-sich-der-heilige-geist-durch-gnadengaben-dienste-und-wirkungen-kundtut-apg-2-38-47-epheser-3-10-4-15-16-1-korinther-12-25-31\">Acreditamos que a igreja \u00e9 a comunidade criada por Deus daqueles redimidos do pecado, atrav\u00e9s dos quais ele faz sua salva\u00e7\u00e3o\nconhecida ao mundo. Como corpo de Jesus, \u00e9 tamb\u00e9m o local de servi\u00e7o m\u00fatuo para o qual Deus chama e capacita todos os membros.\nO batismo (por imers\u00e3o) devido \u00e0 confiss\u00e3o pessoal de perd\u00e3o dos pecados e pela f\u00e9 em Jesus Cristo deve acrescentar cada crist\u00e3o \u00e0 comunidade local. Na Ceia do Senhor, ela proclama a morte do Senhor e compartilha a participa\u00e7\u00e3o em Jesus Cristo como o cabe\u00e7a da igreja, seu corpo, em expectativa a sua vinda. Estamos comprometidos com a comunidade dos fieis, de acordo com o modelo crist\u00e3o\nprimitivo, no qual o Esp\u00edrito Santo se manifesta atrav\u00e9s de dons, servi\u00e7os e seus efeitos. <strong>Atos. 2:38-47; Ef\u00e9sios 3:10; 4,15-16; 1 Cor\u00edntios 12:25-31<\/strong><\/p>","protected":false},"excerpt":{"rendered":"<p>Die Bibel ist das Wort Gottes. Wir glauben, dass die Bibel das Wort Gottes ist. Sie ist die einzige inspirierte und wahre Autorit\u00e4t \u00fcber die Wahrheiten des Glaubens. Sie offenbart Gottes Wille f\u00fcr unser Leben und ist der Grund f\u00fcr all das was wir glauben. 2. Timotheus 3,16; 2. Petrus 1,20-21; Psalm 119,105; Jesaja 55,11 [&hellip;]<\/p>\n","protected":false},"author":1,"featured_media":0,"parent":0,"menu_order":0,"comment_status":"closed","ping_status":"closed","template":"","meta":{"_crdt_document":"","footnotes":""},"class_list":["post-346","page","type-page","status-publish","hentry"],"_links":{"self":[{"href":"https:\/\/icgkarlsruhe.de\/pt\/wp-json\/wp\/v2\/pages\/346","targetHints":{"allow":["GET"]}}],"collection":[{"href":"https:\/\/icgkarlsruhe.de\/pt\/wp-json\/wp\/v2\/pages"}],"about":[{"href":"https:\/\/icgkarlsruhe.de\/pt\/wp-json\/wp\/v2\/types\/page"}],"author":[{"embeddable":true,"href":"https:\/\/icgkarlsruhe.de\/pt\/wp-json\/wp\/v2\/users\/1"}],"replies":[{"embeddable":true,"href":"https:\/\/icgkarlsruhe.de\/pt\/wp-json\/wp\/v2\/comments?post=346"}],"version-history":[{"count":5,"href":"https:\/\/icgkarlsruhe.de\/pt\/wp-json\/wp\/v2\/pages\/346\/revisions"}],"predecessor-version":[{"id":1058,"href":"https:\/\/icgkarlsruhe.de\/pt\/wp-json\/wp\/v2\/pages\/346\/revisions\/1058"}],"wp:attachment":[{"href":"https:\/\/icgkarlsruhe.de\/pt\/wp-json\/wp\/v2\/media?parent=346"}],"curies":[{"name":"wp","href":"https:\/\/api.w.org\/{rel}","templated":true}]}}